{"id":439,"date":"2024-01-14T22:42:06","date_gmt":"2024-01-14T22:42:06","guid":{"rendered":"https:\/\/jeanlouiscourtinat.fr\/?page_id=439"},"modified":"2024-01-31T23:35:57","modified_gmt":"2024-01-31T23:35:57","slug":"du-temps-pour-les-autres-2000","status":"publish","type":"page","link":"https:\/\/jeanlouiscourtinat.fr\/index.php\/du-temps-pour-les-autres-2000\/","title":{"rendered":"Du temps pour les autres, 2000"},"content":{"rendered":"\t\t<div data-elementor-type=\"wp-page\" data-elementor-id=\"439\" class=\"elementor elementor-439\">\n\t\t\t\t<div class=\"elementor-element elementor-element-9fae3f9 e-con-full e-flex wpr-particle-no wpr-jarallax-no wpr-parallax-no wpr-sticky-section-no e-con e-parent\" data-id=\"9fae3f9\" data-element_type=\"container\">\n\t\t<div class=\"elementor-element elementor-element-a463040 e-con-full e-flex wpr-particle-no wpr-jarallax-no wpr-parallax-no wpr-sticky-section-no e-con e-child\" data-id=\"a463040\" data-element_type=\"container\">\n\t\t<div class=\"elementor-element elementor-element-b4ead11 e-con-full e-flex wpr-particle-no wpr-jarallax-no wpr-parallax-no wpr-sticky-section-no e-con e-child\" data-id=\"b4ead11\" data-element_type=\"container\">\n\t\t\t\t<div class=\"elementor-element elementor-element-3556664 elementor-arrows-position-outside elementor-pagination-position-outside elementor-widget elementor-widget-image-carousel\" data-id=\"3556664\" data-element_type=\"widget\" data-settings=\"{&quot;slides_to_show&quot;:&quot;1&quot;,&quot;navigation&quot;:&quot;both&quot;,&quot;autoplay&quot;:&quot;yes&quot;,&quot;pause_on_hover&quot;:&quot;yes&quot;,&quot;pause_on_interaction&quot;:&quot;yes&quot;,&quot;autoplay_speed&quot;:5000,&quot;infinite&quot;:&quot;yes&quot;,&quot;effect&quot;:&quot;slide&quot;,&quot;speed&quot;:500}\" data-widget_type=\"image-carousel.default\">\n\t\t\t\t<div class=\"elementor-widget-container\">\n\t\t\t\t\t\t\t<div class=\"elementor-image-carousel-wrapper swiper\" role=\"region\" aria-roledescription=\"carousel\" aria-label=\"Image Carousel\" dir=\"ltr\">\n\t\t\t<div class=\"elementor-image-carousel swiper-wrapper\" aria-live=\"off\">\n\t\t\t\t\t\t\t\t<div class=\"swiper-slide\" role=\"group\" aria-roledescription=\"slide\" aria-label=\"1 of 16\"><a data-elementor-open-lightbox=\"yes\" data-elementor-lightbox-slideshow=\"3556664\" data-elementor-lightbox-description=\"Du temps pour les autres\" data-e-action-hash=\"#elementor-action%3Aaction%3Dlightbox%26settings%3DeyJpZCI6MTE5OCwidXJsIjoiaHR0cHM6XC9cL2plYW5sb3Vpc2NvdXJ0aW5hdC5mclwvd3AtY29udGVudFwvdXBsb2Fkc1wvMjAyNFwvMDFcL2NvdXZlcnR1cmUtUkQtMi5qcGciLCJzbGlkZXNob3ciOiIzNTU2NjY0In0%3D\" href=\"https:\/\/jeanlouiscourtinat.fr\/wp-content\/uploads\/2024\/01\/couverture-RD-2.jpg\"><figure class=\"swiper-slide-inner\"><img decoding=\"async\" class=\"swiper-slide-image\" src=\"https:\/\/jeanlouiscourtinat.fr\/wp-content\/uploads\/2024\/01\/couverture-RD-2.jpg\" alt=\"Du temps pour les autres\" \/><figcaption class=\"elementor-image-carousel-caption\">Du temps pour les autres<\/figcaption><\/figure><\/a><\/div><div class=\"swiper-slide\" role=\"group\" aria-roledescription=\"slide\" aria-label=\"2 of 16\"><a data-elementor-open-lightbox=\"yes\" data-elementor-lightbox-slideshow=\"3556664\" data-elementor-lightbox-description=\"B\u00e9n\u00e9vole avec une jeune fille. Paris.\" data-e-action-hash=\"#elementor-action%3Aaction%3Dlightbox%26settings%3DeyJpZCI6MTE4NSwidXJsIjoiaHR0cHM6XC9cL2plYW5sb3Vpc2NvdXJ0aW5hdC5mclwvd3AtY29udGVudFwvdXBsb2Fkc1wvMjAyNFwvMDFcLzA4LVVuZS1iZW5ldm9sZS1zYW11c2UtYXZlYy1Tb3BoaWUtc2NhbGVkLmpwZyIsInNsaWRlc2hvdyI6IjM1NTY2NjQifQ%3D%3D\" href=\"https:\/\/jeanlouiscourtinat.fr\/wp-content\/uploads\/2024\/01\/08-Une-benevole-samuse-avec-Sophie-scaled.jpg\"><figure class=\"swiper-slide-inner\"><img decoding=\"async\" class=\"swiper-slide-image\" src=\"https:\/\/jeanlouiscourtinat.fr\/wp-content\/uploads\/2024\/01\/08-Une-benevole-samuse-avec-Sophie-scaled.jpg\" alt=\"B\u00e9n\u00e9vole avec une jeune fille. Paris.\" \/><figcaption class=\"elementor-image-carousel-caption\">B\u00e9n\u00e9vole avec une jeune fille. Paris.<\/figcaption><\/figure><\/a><\/div><div class=\"swiper-slide\" role=\"group\" aria-roledescription=\"slide\" aria-label=\"3 of 16\"><a data-elementor-open-lightbox=\"yes\" data-elementor-lightbox-slideshow=\"3556664\" data-elementor-lightbox-description=\"Une b\u00e9n\u00e9vole avec Catherine.\" data-e-action-hash=\"#elementor-action%3Aaction%3Dlightbox%26settings%3DeyJpZCI6MTE4OSwidXJsIjoiaHR0cHM6XC9cL2plYW5sb3Vpc2NvdXJ0aW5hdC5mclwvd3AtY29udGVudFwvdXBsb2Fkc1wvMjAyNFwvMDFcLzAxMi1VbmUtYmVuZXZvbGUtYXZlYy1DYXRoZXJpbmUtc2NhbGVkLmpwZyIsInNsaWRlc2hvdyI6IjM1NTY2NjQifQ%3D%3D\" href=\"https:\/\/jeanlouiscourtinat.fr\/wp-content\/uploads\/2024\/01\/012-Une-benevole-avec-Catherine-scaled.jpg\"><figure class=\"swiper-slide-inner\"><img decoding=\"async\" class=\"swiper-slide-image\" src=\"https:\/\/jeanlouiscourtinat.fr\/wp-content\/uploads\/2024\/01\/012-Une-benevole-avec-Catherine-scaled.jpg\" alt=\"Une b\u00e9n\u00e9vole avec Catherine.\" \/><figcaption class=\"elementor-image-carousel-caption\">Une b\u00e9n\u00e9vole avec Catherine.<\/figcaption><\/figure><\/a><\/div><div class=\"swiper-slide\" role=\"group\" aria-roledescription=\"slide\" aria-label=\"4 of 16\"><a data-elementor-open-lightbox=\"yes\" data-elementor-lightbox-slideshow=\"3556664\" data-elementor-lightbox-description=\"Une b\u00e9n\u00e9vole discute avec un homme hospitalis\u00e9.\" data-e-action-hash=\"#elementor-action%3Aaction%3Dlightbox%26settings%3DeyJpZCI6MTE4NCwidXJsIjoiaHR0cHM6XC9cL2plYW5sb3Vpc2NvdXJ0aW5hdC5mclwvd3AtY29udGVudFwvdXBsb2Fkc1wvMjAyNFwvMDFcLzA2LVVuZS1iZW5ldm9sZS1kaXNjdXRlLWF2ZWMtdW4taG9tbWUtaG9zcGl0YWxpc2Utc2NhbGVkLmpwZyIsInNsaWRlc2hvdyI6IjM1NTY2NjQifQ%3D%3D\" href=\"https:\/\/jeanlouiscourtinat.fr\/wp-content\/uploads\/2024\/01\/06-Une-benevole-discute-avec-un-homme-hospitalise-scaled.jpg\"><figure class=\"swiper-slide-inner\"><img decoding=\"async\" class=\"swiper-slide-image\" src=\"https:\/\/jeanlouiscourtinat.fr\/wp-content\/uploads\/2024\/01\/06-Une-benevole-discute-avec-un-homme-hospitalise-scaled.jpg\" alt=\"Une b\u00e9n\u00e9vole discute avec un homme hospitalis\u00e9.\" \/><figcaption class=\"elementor-image-carousel-caption\">Une b\u00e9n\u00e9vole discute avec un homme hospitalis\u00e9.<\/figcaption><\/figure><\/a><\/div><div class=\"swiper-slide\" role=\"group\" aria-roledescription=\"slide\" aria-label=\"5 of 16\"><a data-elementor-open-lightbox=\"yes\" data-elementor-lightbox-slideshow=\"3556664\" data-elementor-lightbox-description=\"B\u00e9n\u00e9vole au parc avec une jeune fille. Paris.\" data-e-action-hash=\"#elementor-action%3Aaction%3Dlightbox%26settings%3DeyJpZCI6MTE5MiwidXJsIjoiaHR0cHM6XC9cL2plYW5sb3Vpc2NvdXJ0aW5hdC5mclwvd3AtY29udGVudFwvdXBsb2Fkc1wvMjAyNFwvMDFcLzAxNS1VbmUtYmVuZXZvbGUtYXZlYy1DaHJpc3RpbmUtMTYtYW5zLXNjYWxlZC5qcGciLCJzbGlkZXNob3ciOiIzNTU2NjY0In0%3D\" href=\"https:\/\/jeanlouiscourtinat.fr\/wp-content\/uploads\/2024\/01\/015-Une-benevole-avec-Christine-16-ans-scaled.jpg\"><figure class=\"swiper-slide-inner\"><img decoding=\"async\" class=\"swiper-slide-image\" src=\"https:\/\/jeanlouiscourtinat.fr\/wp-content\/uploads\/2024\/01\/015-Une-benevole-avec-Christine-16-ans-scaled.jpg\" alt=\"B\u00e9n\u00e9vole au parc avec une jeune fille. Paris.\" \/><figcaption class=\"elementor-image-carousel-caption\">B\u00e9n\u00e9vole au parc avec une jeune fille. Paris.<\/figcaption><\/figure><\/a><\/div><div class=\"swiper-slide\" role=\"group\" aria-roledescription=\"slide\" aria-label=\"6 of 16\"><a data-elementor-open-lightbox=\"yes\" data-elementor-lightbox-slideshow=\"3556664\" data-elementor-lightbox-description=\"Une b\u00e9n\u00e9vole au chevet d&#039;une personne malade.\" data-e-action-hash=\"#elementor-action%3Aaction%3Dlightbox%26settings%3DeyJpZCI6MTE5NiwidXJsIjoiaHR0cHM6XC9cL2plYW5sb3Vpc2NvdXJ0aW5hdC5mclwvd3AtY29udGVudFwvdXBsb2Fkc1wvMjAyNFwvMDFcLzA3LVVuZS1iZW5ldm9sZS1hdS1jaGV2ZXQtZHVuZS1wZXJzb25uZS1tYWxhZGUuLVJELmpwZyIsInNsaWRlc2hvdyI6IjM1NTY2NjQifQ%3D%3D\" href=\"https:\/\/jeanlouiscourtinat.fr\/wp-content\/uploads\/2024\/01\/07-Une-benevole-au-chevet-dune-personne-malade.-RD.jpg\"><figure class=\"swiper-slide-inner\"><img decoding=\"async\" class=\"swiper-slide-image\" src=\"https:\/\/jeanlouiscourtinat.fr\/wp-content\/uploads\/2024\/01\/07-Une-benevole-au-chevet-dune-personne-malade.-RD.jpg\" alt=\"Une b\u00e9n\u00e9vole au chevet d&#039;une personne malade.\" \/><figcaption class=\"elementor-image-carousel-caption\">Une b\u00e9n\u00e9vole au chevet d'une personne malade.<\/figcaption><\/figure><\/a><\/div><div class=\"swiper-slide\" role=\"group\" aria-roledescription=\"slide\" aria-label=\"7 of 16\"><a data-elementor-open-lightbox=\"yes\" data-elementor-lightbox-slideshow=\"3556664\" data-elementor-lightbox-description=\"B\u00e9n\u00e9vole r\u00e9confortant une personne \u00e2g\u00e9e. H\u00f4pital Lariboisi\u00e8re. Paris.\" data-e-action-hash=\"#elementor-action%3Aaction%3Dlightbox%26settings%3DeyJpZCI6MTE4MSwidXJsIjoiaHR0cHM6XC9cL2plYW5sb3Vpc2NvdXJ0aW5hdC5mclwvd3AtY29udGVudFwvdXBsb2Fkc1wvMjAyNFwvMDFcLzAzLVVuZS1iZW5ldm9sZS1yZWNvbmZvcnRlLXVuZS1wZXJzb25uZS1hZ2VlLXNjYWxlZC5qcGciLCJzbGlkZXNob3ciOiIzNTU2NjY0In0%3D\" href=\"https:\/\/jeanlouiscourtinat.fr\/wp-content\/uploads\/2024\/01\/03-Une-benevole-reconforte-une-personne-agee-scaled.jpg\"><figure class=\"swiper-slide-inner\"><img decoding=\"async\" class=\"swiper-slide-image\" src=\"https:\/\/jeanlouiscourtinat.fr\/wp-content\/uploads\/2024\/01\/03-Une-benevole-reconforte-une-personne-agee-scaled.jpg\" alt=\"B\u00e9n\u00e9vole r\u00e9confortant une personne \u00e2g\u00e9e. H\u00f4pital Lariboisi\u00e8re. Paris.\" \/><figcaption class=\"elementor-image-carousel-caption\">B\u00e9n\u00e9vole r\u00e9confortant une personne \u00e2g\u00e9e. H\u00f4pital Lariboisi\u00e8re. Paris.<\/figcaption><\/figure><\/a><\/div><div class=\"swiper-slide\" role=\"group\" aria-roledescription=\"slide\" aria-label=\"8 of 16\"><a data-elementor-open-lightbox=\"yes\" data-elementor-lightbox-slideshow=\"3556664\" data-elementor-lightbox-description=\"B\u00e9n\u00e9voles avec une jeune femme dans la piscine. Paris.\" data-e-action-hash=\"#elementor-action%3Aaction%3Dlightbox%26settings%3DeyJpZCI6MTE4NywidXJsIjoiaHR0cHM6XC9cL2plYW5sb3Vpc2NvdXJ0aW5hdC5mclwvd3AtY29udGVudFwvdXBsb2Fkc1wvMjAyNFwvMDFcLzAxMC1EZXV4LWJlbmV2b2xlcy1kYW5zLWxhLXBpc2NpbmUtYXZlYy1DYXJvbGUtc2NhbGVkLmpwZyIsInNsaWRlc2hvdyI6IjM1NTY2NjQifQ%3D%3D\" href=\"https:\/\/jeanlouiscourtinat.fr\/wp-content\/uploads\/2024\/01\/010-Deux-benevoles-dans-la-piscine-avec-Carole-scaled.jpg\"><figure class=\"swiper-slide-inner\"><img decoding=\"async\" class=\"swiper-slide-image\" src=\"https:\/\/jeanlouiscourtinat.fr\/wp-content\/uploads\/2024\/01\/010-Deux-benevoles-dans-la-piscine-avec-Carole-scaled.jpg\" alt=\"B\u00e9n\u00e9voles avec une jeune femme dans la piscine. Paris.\" \/><figcaption class=\"elementor-image-carousel-caption\">B\u00e9n\u00e9voles avec une jeune femme dans la piscine. Paris.<\/figcaption><\/figure><\/a><\/div><div class=\"swiper-slide\" role=\"group\" aria-roledescription=\"slide\" aria-label=\"9 of 16\"><a data-elementor-open-lightbox=\"yes\" data-elementor-lightbox-slideshow=\"3556664\" data-elementor-lightbox-description=\"B\u00e9n\u00e9vole au domicile d&#039;une petite fille. Paris.\" data-e-action-hash=\"#elementor-action%3Aaction%3Dlightbox%26settings%3DeyJpZCI6MTE4MywidXJsIjoiaHR0cHM6XC9cL2plYW5sb3Vpc2NvdXJ0aW5hdC5mclwvd3AtY29udGVudFwvdXBsb2Fkc1wvMjAyNFwvMDFcLzA1LVVuZS1iZW5ldm9sZS1hdS1zZWluLWR1bmUtZmFtaWxsZS1zY2FsZWQuanBnIiwic2xpZGVzaG93IjoiMzU1NjY2NCJ9\" href=\"https:\/\/jeanlouiscourtinat.fr\/wp-content\/uploads\/2024\/01\/05-Une-benevole-au-sein-dune-famille-scaled.jpg\"><figure class=\"swiper-slide-inner\"><img decoding=\"async\" class=\"swiper-slide-image\" src=\"https:\/\/jeanlouiscourtinat.fr\/wp-content\/uploads\/2024\/01\/05-Une-benevole-au-sein-dune-famille-scaled.jpg\" alt=\"B\u00e9n\u00e9vole au domicile d&#039;une petite fille. Paris.\" \/><figcaption class=\"elementor-image-carousel-caption\">B\u00e9n\u00e9vole au domicile d'une petite fille. Paris.<\/figcaption><\/figure><\/a><\/div><div class=\"swiper-slide\" role=\"group\" aria-roledescription=\"slide\" aria-label=\"10 of 16\"><a data-elementor-open-lightbox=\"yes\" data-elementor-lightbox-slideshow=\"3556664\" data-elementor-lightbox-description=\"B\u00e9n\u00e9vole dans un parc. Paris.\" data-e-action-hash=\"#elementor-action%3Aaction%3Dlightbox%26settings%3DeyJpZCI6MTE4MCwidXJsIjoiaHR0cHM6XC9cL2plYW5sb3Vpc2NvdXJ0aW5hdC5mclwvd3AtY29udGVudFwvdXBsb2Fkc1wvMjAyNFwvMDFcLzAyLUJlbmV2b2xlLWF2ZWMtTWFyY28tc2NhbGVkLmpwZyIsInNsaWRlc2hvdyI6IjM1NTY2NjQifQ%3D%3D\" href=\"https:\/\/jeanlouiscourtinat.fr\/wp-content\/uploads\/2024\/01\/02-Benevole-avec-Marco-scaled.jpg\"><figure class=\"swiper-slide-inner\"><img decoding=\"async\" class=\"swiper-slide-image\" src=\"https:\/\/jeanlouiscourtinat.fr\/wp-content\/uploads\/2024\/01\/02-Benevole-avec-Marco-scaled.jpg\" alt=\"B\u00e9n\u00e9vole dans un parc. Paris.\" \/><figcaption class=\"elementor-image-carousel-caption\">B\u00e9n\u00e9vole dans un parc. Paris.<\/figcaption><\/figure><\/a><\/div><div class=\"swiper-slide\" role=\"group\" aria-roledescription=\"slide\" aria-label=\"11 of 16\"><a data-elementor-open-lightbox=\"yes\" data-elementor-lightbox-slideshow=\"3556664\" data-elementor-lightbox-description=\"B\u00e9n\u00e9vole \u00e0 l&#039;h\u00f4pital Robert Debr\u00e9.\" data-e-action-hash=\"#elementor-action%3Aaction%3Dlightbox%26settings%3DeyJpZCI6MTE4NiwidXJsIjoiaHR0cHM6XC9cL2plYW5sb3Vpc2NvdXJ0aW5hdC5mclwvd3AtY29udGVudFwvdXBsb2Fkc1wvMjAyNFwvMDFcLzA5LVVuZS1iZW5ldm9sZS1jYWxpbmUtdW4tZW5mYW50LW1hbGFkZS1zY2FsZWQuanBnIiwic2xpZGVzaG93IjoiMzU1NjY2NCJ9\" href=\"https:\/\/jeanlouiscourtinat.fr\/wp-content\/uploads\/2024\/01\/09-Une-benevole-caline-un-enfant-malade-scaled.jpg\"><figure class=\"swiper-slide-inner\"><img decoding=\"async\" class=\"swiper-slide-image\" src=\"https:\/\/jeanlouiscourtinat.fr\/wp-content\/uploads\/2024\/01\/09-Une-benevole-caline-un-enfant-malade-scaled.jpg\" alt=\"B\u00e9n\u00e9vole \u00e0 l&#039;h\u00f4pital Robert Debr\u00e9.\" \/><figcaption class=\"elementor-image-carousel-caption\">B\u00e9n\u00e9vole \u00e0 l'h\u00f4pital Robert Debr\u00e9.<\/figcaption><\/figure><\/a><\/div><div class=\"swiper-slide\" role=\"group\" aria-roledescription=\"slide\" aria-label=\"12 of 16\"><a data-elementor-open-lightbox=\"yes\" data-elementor-lightbox-slideshow=\"3556664\" data-elementor-lightbox-description=\"B\u00e9n\u00e9voles dans une \u00e9cole maternelle.\" data-e-action-hash=\"#elementor-action%3Aaction%3Dlightbox%26settings%3DeyJpZCI6MTE3OSwidXJsIjoiaHR0cHM6XC9cL2plYW5sb3Vpc2NvdXJ0aW5hdC5mclwvd3AtY29udGVudFwvdXBsb2Fkc1wvMjAyNFwvMDFcLzAxLUJlbmV2b2xlcy1kYW5zLXVuZS1lY29sZS1tYXRlcm5lbGxlLXNjYWxlZC5qcGciLCJzbGlkZXNob3ciOiIzNTU2NjY0In0%3D\" href=\"https:\/\/jeanlouiscourtinat.fr\/wp-content\/uploads\/2024\/01\/01-Benevoles-dans-une-ecole-maternelle-scaled.jpg\"><figure class=\"swiper-slide-inner\"><img decoding=\"async\" class=\"swiper-slide-image\" src=\"https:\/\/jeanlouiscourtinat.fr\/wp-content\/uploads\/2024\/01\/01-Benevoles-dans-une-ecole-maternelle-scaled.jpg\" alt=\"B\u00e9n\u00e9voles dans une \u00e9cole maternelle.\" \/><figcaption class=\"elementor-image-carousel-caption\">B\u00e9n\u00e9voles dans une \u00e9cole maternelle.<\/figcaption><\/figure><\/a><\/div><div class=\"swiper-slide\" role=\"group\" aria-roledescription=\"slide\" aria-label=\"13 of 16\"><a data-elementor-open-lightbox=\"yes\" data-elementor-lightbox-slideshow=\"3556664\" data-elementor-lightbox-description=\"B\u00e9n\u00e9vole avec un jeune gar\u00e7on. Paris.\" data-e-action-hash=\"#elementor-action%3Aaction%3Dlightbox%26settings%3DeyJpZCI6MTE4MiwidXJsIjoiaHR0cHM6XC9cL2plYW5sb3Vpc2NvdXJ0aW5hdC5mclwvd3AtY29udGVudFwvdXBsb2Fkc1wvMjAyNFwvMDFcLzA0LVVuZS1iZW5ldm9sZS1hdmVjLURhdmlkLXNjYWxlZC5qcGciLCJzbGlkZXNob3ciOiIzNTU2NjY0In0%3D\" href=\"https:\/\/jeanlouiscourtinat.fr\/wp-content\/uploads\/2024\/01\/04-Une-benevole-avec-David-scaled.jpg\"><figure class=\"swiper-slide-inner\"><img decoding=\"async\" class=\"swiper-slide-image\" src=\"https:\/\/jeanlouiscourtinat.fr\/wp-content\/uploads\/2024\/01\/04-Une-benevole-avec-David-scaled.jpg\" alt=\"B\u00e9n\u00e9vole avec un jeune gar\u00e7on. Paris.\" \/><figcaption class=\"elementor-image-carousel-caption\">B\u00e9n\u00e9vole avec un jeune gar\u00e7on. Paris.<\/figcaption><\/figure><\/a><\/div><div class=\"swiper-slide\" role=\"group\" aria-roledescription=\"slide\" aria-label=\"14 of 16\"><a data-elementor-open-lightbox=\"yes\" data-elementor-lightbox-slideshow=\"3556664\" data-elementor-lightbox-description=\"B\u00e9n\u00e9vole avec une malade. H\u00f4pital de Montpellier.\" data-e-action-hash=\"#elementor-action%3Aaction%3Dlightbox%26settings%3DeyJpZCI6MTE5MSwidXJsIjoiaHR0cHM6XC9cL2plYW5sb3Vpc2NvdXJ0aW5hdC5mclwvd3AtY29udGVudFwvdXBsb2Fkc1wvMjAyNFwvMDFcLzAxNC1VbmUtYmVuZXZvbGUtdGVudGUtZGUtcmVjb25mb3J0ZXItdW5lLXBlcnNvbm5lLW1hbGFkZS1zY2FsZWQuanBnIiwic2xpZGVzaG93IjoiMzU1NjY2NCJ9\" href=\"https:\/\/jeanlouiscourtinat.fr\/wp-content\/uploads\/2024\/01\/014-Une-benevole-tente-de-reconforter-une-personne-malade-scaled.jpg\"><figure class=\"swiper-slide-inner\"><img decoding=\"async\" class=\"swiper-slide-image\" src=\"https:\/\/jeanlouiscourtinat.fr\/wp-content\/uploads\/2024\/01\/014-Une-benevole-tente-de-reconforter-une-personne-malade-scaled.jpg\" alt=\"B\u00e9n\u00e9vole avec une malade. H\u00f4pital de Montpellier.\" \/><figcaption class=\"elementor-image-carousel-caption\">B\u00e9n\u00e9vole avec une malade. H\u00f4pital de Montpellier.<\/figcaption><\/figure><\/a><\/div><div class=\"swiper-slide\" role=\"group\" aria-roledescription=\"slide\" aria-label=\"15 of 16\"><a data-elementor-open-lightbox=\"yes\" data-elementor-lightbox-slideshow=\"3556664\" data-elementor-lightbox-description=\"B\u00e9n\u00e9vole au domicile d&#039;une personne handicap\u00e9e. Paris.\" data-e-action-hash=\"#elementor-action%3Aaction%3Dlightbox%26settings%3DeyJpZCI6MTE4OCwidXJsIjoiaHR0cHM6XC9cL2plYW5sb3Vpc2NvdXJ0aW5hdC5mclwvd3AtY29udGVudFwvdXBsb2Fkc1wvMjAyNFwvMDFcLzAxMS1VbmUtYmVuZXZvbGUtdGVudGUtZGUtY29tbXVuaXF1ZXItYXZlYy11bmUtcGVyc29ubmUtbWFsYWRlLXNjYWxlZC5qcGciLCJzbGlkZXNob3ciOiIzNTU2NjY0In0%3D\" href=\"https:\/\/jeanlouiscourtinat.fr\/wp-content\/uploads\/2024\/01\/011-Une-benevole-tente-de-communiquer-avec-une-personne-malade-scaled.jpg\"><figure class=\"swiper-slide-inner\"><img decoding=\"async\" class=\"swiper-slide-image\" src=\"https:\/\/jeanlouiscourtinat.fr\/wp-content\/uploads\/2024\/01\/011-Une-benevole-tente-de-communiquer-avec-une-personne-malade-scaled.jpg\" alt=\"B\u00e9n\u00e9vole au domicile d&#039;une personne handicap\u00e9e. Paris.\" \/><figcaption class=\"elementor-image-carousel-caption\">B\u00e9n\u00e9vole au domicile d'une personne handicap\u00e9e. Paris.<\/figcaption><\/figure><\/a><\/div><div class=\"swiper-slide\" role=\"group\" aria-roledescription=\"slide\" aria-label=\"16 of 16\"><a data-elementor-open-lightbox=\"yes\" data-elementor-lightbox-slideshow=\"3556664\" data-elementor-lightbox-description=\"B\u00e9n\u00e9vole avec une personne ag\u00e9e. H\u00f4pital d&#039;Ivry.\" data-e-action-hash=\"#elementor-action%3Aaction%3Dlightbox%26settings%3DeyJpZCI6MTE5MCwidXJsIjoiaHR0cHM6XC9cL2plYW5sb3Vpc2NvdXJ0aW5hdC5mclwvd3AtY29udGVudFwvdXBsb2Fkc1wvMjAyNFwvMDFcLzAxMy1VbmUtYmVuZXZvbGUtZGFucy1sZS1zZXJ2aWNlLWRlLWdlcmlhdHJpZS1kZS1WaWxsZWp1aWYtc2NhbGVkLmpwZyIsInNsaWRlc2hvdyI6IjM1NTY2NjQifQ%3D%3D\" href=\"https:\/\/jeanlouiscourtinat.fr\/wp-content\/uploads\/2024\/01\/013-Une-benevole-dans-le-service-de-geriatrie-de-Villejuif-scaled.jpg\"><figure class=\"swiper-slide-inner\"><img decoding=\"async\" class=\"swiper-slide-image\" src=\"https:\/\/jeanlouiscourtinat.fr\/wp-content\/uploads\/2024\/01\/013-Une-benevole-dans-le-service-de-geriatrie-de-Villejuif-scaled.jpg\" alt=\"B\u00e9n\u00e9vole avec une personne ag\u00e9e. H\u00f4pital d&#039;Ivry.\" \/><figcaption class=\"elementor-image-carousel-caption\">B\u00e9n\u00e9vole avec une personne ag\u00e9e. H\u00f4pital d'Ivry.<\/figcaption><\/figure><\/a><\/div>\t\t\t<\/div>\n\t\t\t\t\t\t\t\t\t\t\t\t<div class=\"elementor-swiper-button elementor-swiper-button-prev\" role=\"button\" tabindex=\"0\">\n\t\t\t\t\t\t<svg aria-hidden=\"true\" class=\"e-font-icon-svg e-eicon-chevron-left\" viewBox=\"0 0 1000 1000\" xmlns=\"http:\/\/www.w3.org\/2000\/svg\"><path d=\"M646 125C629 125 613 133 604 142L308 442C296 454 292 471 292 487 292 504 296 521 308 533L604 854C617 867 629 875 646 875 663 875 679 871 692 858 704 846 713 829 713 812 713 796 708 779 692 767L438 487 692 225C700 217 708 204 708 187 708 171 704 154 692 142 675 129 663 125 646 125Z\"><\/path><\/svg>\t\t\t\t\t<\/div>\n\t\t\t\t\t<div class=\"elementor-swiper-button elementor-swiper-button-next\" role=\"button\" tabindex=\"0\">\n\t\t\t\t\t\t<svg aria-hidden=\"true\" class=\"e-font-icon-svg e-eicon-chevron-right\" viewBox=\"0 0 1000 1000\" xmlns=\"http:\/\/www.w3.org\/2000\/svg\"><path d=\"M696 533C708 521 713 504 713 487 713 471 708 454 696 446L400 146C388 133 375 125 354 125 338 125 325 129 313 142 300 154 292 171 292 187 292 204 296 221 308 233L563 492 304 771C292 783 288 800 288 817 288 833 296 850 308 863 321 871 338 875 354 875 371 875 388 867 400 854L696 533Z\"><\/path><\/svg>\t\t\t\t\t<\/div>\n\t\t\t\t\n\t\t\t\t\t\t\t\t\t<div class=\"swiper-pagination\"><\/div>\n\t\t\t\t\t\t\t\t\t<\/div>\n\t\t\t\t\t\t<\/div>\n\t\t\t\t<\/div>\n\t\t\t\t<\/div>\n\t\t<div class=\"elementor-element elementor-element-c176168 e-con-full e-flex wpr-particle-no wpr-jarallax-no wpr-parallax-no wpr-sticky-section-no e-con e-child\" data-id=\"c176168\" data-element_type=\"container\">\n\t\t\t\t<div class=\"elementor-element elementor-element-bd56a89 elementor-widget elementor-widget-heading\" data-id=\"bd56a89\" data-element_type=\"widget\" data-widget_type=\"heading.default\">\n\t\t\t\t<div class=\"elementor-widget-container\">\n\t\t\t\t\t<h1 class=\"elementor-heading-title elementor-size-default\">Du temps pour les autres\n<br><br>\u00c9ditions Robert Delpire, 2000.\n<\/h1>\t\t\t\t<\/div>\n\t\t\t\t<\/div>\n\t\t\t\t<div class=\"elementor-element elementor-element-d1759d5 elementor-widget elementor-widget-text-editor\" data-id=\"d1759d5\" data-element_type=\"widget\" data-widget_type=\"text-editor.default\">\n\t\t\t\t<div class=\"elementor-widget-container\">\n\t\t\t\t\t\t\t\t\t<p>Aujourd\u2019hui, on compte en France dix millions de b\u00e9n\u00e9voles. Dans une soci\u00e9t\u00e9 qui se durcit, qui perd ses rep\u00e8res, qui cherche ses valeurs, devant les inqui\u00e9tudes n\u00e9es des nouvelles technologies, la mise en place incertaine de nouveaux codes moraux, il semble de plus en plus qu\u2019on aille chercher sa r\u00e9ponse sur le chemin qui m\u00e8ne \u00ab\u00a0aux autres\u00a0\u00bb. Aider, donner, r\u00e9parer, consoler, ces mots sont au c\u0153ur des propos des b\u00e9n\u00e9voles.<\/p><p>Cet \u00e9lan de g\u00e9n\u00e9rosit\u00e9 magnifique, la Fondation Claude Pompidou l\u2019organise et l\u2019inscrit avec un r\u00e9el souci d\u2019efficacit\u00e9 dans notre fonctionnement social en ciblant le plus justement possible certains manques de notre soci\u00e9t\u00e9.<\/p><p>A \u00e9couter les b\u00e9n\u00e9voles, on comprend que si leur engagement se situe dans les profondeurs de leur conscience, leur intervention les am\u00e8ne au c\u0153ur m\u00eame de la vie sociale.<\/p><p>Acteurs de notre soci\u00e9t\u00e9, ils vivent parfois avec col\u00e8re ses contradictions et ses faillites. Mais ils partagent aussi ses espoirs. Comme si, donnant \u00ab\u00a0du temps pour les autres\u00a0\u00bb, ils recevaient un peu de vie en plus.<\/p><p>Madame Claude Pompidou.<\/p>\t\t\t\t\t\t\t\t<\/div>\n\t\t\t\t<\/div>\n\t\t\t\t<\/div>\n\t\t\t\t<\/div>\n\t\t\t\t<\/div>\n\t\t\t\t<\/div>\n\t\t","protected":false},"excerpt":{"rendered":"<p>Du temps pour les autres B\u00e9n\u00e9vole avec une jeune fille. Paris. Une b\u00e9n\u00e9vole avec Catherine. Une b\u00e9n\u00e9vole discute avec un homme hospitalis\u00e9. B\u00e9n\u00e9vole au parc avec une jeune fille. Paris. Une b\u00e9n\u00e9vole au chevet d&#8217;une personne malade. B\u00e9n\u00e9vole r\u00e9confortant une personne \u00e2g\u00e9e. H\u00f4pital Lariboisi\u00e8re. Paris. B\u00e9n\u00e9voles avec une jeune femme dans la piscine. Paris. B\u00e9n\u00e9vole au domicile d&#8217;une petite fille. Paris. B\u00e9n\u00e9vole dans un parc. Paris. B\u00e9n\u00e9vole \u00e0 l&#8217;h\u00f4pital Robert Debr\u00e9. B\u00e9n\u00e9voles dans une \u00e9cole maternelle. B\u00e9n\u00e9vole avec un jeune gar\u00e7on. Paris. B\u00e9n\u00e9vole avec une malade. H\u00f4pital de Montpellier. B\u00e9n\u00e9vole au domicile d&#8217;une personne handicap\u00e9e. Paris. B\u00e9n\u00e9vole avec une personne ag\u00e9e. H\u00f4pital d&#8217;Ivry. Du temps pour les autres \u00c9ditions Robert Delpire, 2000. Aujourd\u2019hui, on compte en France dix millions de b\u00e9n\u00e9voles. Dans une soci\u00e9t\u00e9 qui se durcit, qui perd ses rep\u00e8res, qui cherche ses valeurs, devant les inqui\u00e9tudes n\u00e9es des nouvelles technologies, la mise en place incertaine de nouveaux codes moraux, il semble de plus en plus qu\u2019on aille chercher sa r\u00e9ponse sur le chemin qui m\u00e8ne \u00ab\u00a0aux autres\u00a0\u00bb. Aider, donner, r\u00e9parer, consoler, ces mots sont au c\u0153ur des propos des b\u00e9n\u00e9voles. Cet \u00e9lan de g\u00e9n\u00e9rosit\u00e9 magnifique, la Fondation Claude Pompidou l\u2019organise et l\u2019inscrit avec un r\u00e9el souci d\u2019efficacit\u00e9 dans notre fonctionnement social en ciblant le plus justement possible certains manques de notre soci\u00e9t\u00e9. A \u00e9couter les b\u00e9n\u00e9voles, on comprend que si leur engagement se situe dans les profondeurs de leur conscience, leur intervention les am\u00e8ne au c\u0153ur m\u00eame de la vie sociale. Acteurs de notre soci\u00e9t\u00e9, ils vivent parfois avec col\u00e8re ses contradictions et ses faillites. Mais ils partagent aussi ses espoirs. Comme si, donnant \u00ab\u00a0du temps pour les autres\u00a0\u00bb, ils recevaient un peu de vie en plus. Madame Claude Pompidou.<\/p>\n","protected":false},"author":1,"featured_media":280,"parent":0,"menu_order":0,"comment_status":"closed","ping_status":"closed","template":"","meta":{"footnotes":""},"_links":{"self":[{"href":"https:\/\/jeanlouiscourtinat.fr\/index.php\/wp-json\/wp\/v2\/pages\/439"}],"collection":[{"href":"https:\/\/jeanlouiscourtinat.fr\/index.php\/wp-json\/wp\/v2\/pages"}],"about":[{"href":"https:\/\/jeanlouiscourtinat.fr\/index.php\/wp-json\/wp\/v2\/types\/page"}],"author":[{"embeddable":true,"href":"https:\/\/jeanlouiscourtinat.fr\/index.php\/wp-json\/wp\/v2\/users\/1"}],"replies":[{"embeddable":true,"href":"https:\/\/jeanlouiscourtinat.fr\/index.php\/wp-json\/wp\/v2\/comments?post=439"}],"version-history":[{"count":22,"href":"https:\/\/jeanlouiscourtinat.fr\/index.php\/wp-json\/wp\/v2\/pages\/439\/revisions"}],"predecessor-version":[{"id":1767,"href":"https:\/\/jeanlouiscourtinat.fr\/index.php\/wp-json\/wp\/v2\/pages\/439\/revisions\/1767"}],"wp:featuredmedia":[{"embeddable":true,"href":"https:\/\/jeanlouiscourtinat.fr\/index.php\/wp-json\/wp\/v2\/media\/280"}],"wp:attachment":[{"href":"https:\/\/jeanlouiscourtinat.fr\/index.php\/wp-json\/wp\/v2\/media?parent=439"}],"curies":[{"name":"wp","href":"https:\/\/api.w.org\/{rel}","templated":true}]}}